{"id":3,"date":"2024-02-11T00:33:11","date_gmt":"2024-02-10T23:33:11","guid":{"rendered":"http:\/\/dkjg.net\/?page_id=3"},"modified":"2025-03-31T19:51:11","modified_gmt":"2025-03-31T17:51:11","slug":"datenschutzerklaerung","status":"publish","type":"page","link":"https:\/\/dkjg.net\/ko\/datenschutzerklaerung\/","title":{"rendered":"\uc815\ubcf4 \ubcf4\ud638"},"content":{"rendered":"\n<p>Im Folgenden informieren wir \u00fcber die Erhebung personenbezogener Daten bei Nutzung unserer Website. Personenbezogene Daten sind alle Daten, die auf Sie pers\u00f6nlich beziehbar sind, z.\u2009B. Name, Adresse, E-Mail-Adressen, Nutzerverhalten.<\/p>\n\n\n\n<h3 class=\"wp-block-heading\">1. Information \u00fcber die Erhebung personenbezogener Daten<\/h3>\n\n\n\n<p>(1) Betreiber der Website und Verantwortlicher f\u00fcr die Verarbeitung von personenbezogenen Daten gem\u00e4\u00df Art. 4 Abs. 7 EU-Datenschutz-Grundverordnung (DSGVO) ist die Deutsch-Koreanische Juristische Gesellschaft e.V.<strong>, <\/strong>c\/o Rechtsanwaltskanzlei Yoon, Albestra\u00dfe 21, 12159 Berlin.<\/p>\n\n\n\n<p>(2) Bei Ihrer Kontaktaufnahme mit uns per E-Mail werden die von Ihnen mitgeteilten Daten (Ihre E-Mail-Adresse, ggf. Ihr Name und Ihre Telefonnummer) von uns gespeichert, um Ihre Fragen zu beantworten. Die in diesem Zusammenhang anfallenden Daten l\u00f6schen wir, nachdem die Speicherung nicht mehr erforderlich ist, oder schr\u00e4nken die Verarbeitung ein, falls gesetzliche Aufbewahrungspflichten bestehen.<\/p>\n\n\n\n<p>(3) Falls wir f\u00fcr einzelne Funktionen unseres Angebots auf beauftragte Dienstleister zur\u00fcckgreifen oder Ihre Daten f\u00fcr werbliche Zwecke nutzen m\u00f6chten, werden wir Sie untenstehend im Detail \u00fcber die jeweiligen Vorg\u00e4nge informieren. Dabei nennen wir auch die festgelegten Kriterien der Speicherdauer.<\/p>\n\n\n\n<h3 class=\"wp-block-heading\">2. Ihre Rechte<\/h3>\n\n\n\n<p>(1) Sie haben gegen\u00fcber uns folgende Rechte hinsichtlich der Sie betreffenden personenbezogenen Daten:<\/p>\n\n\n\n<ul class=\"wp-block-list\">\n<li>Recht auf Auskunft \u2013 Art. 15 DSGVO,<\/li>\n\n\n\n<li>Recht auf Berichtigung oder L\u00f6schung \u2013 Artt. 16 und 17 DSGVO,<\/li>\n\n\n\n<li>Recht auf Einschr\u00e4nkung der Verarbeitung \u2013 Art. 18 DSGVO,<\/li>\n\n\n\n<li>Recht auf Daten\u00fcbertragbarkeit \u2013 Art. 20 DSGVO,<\/li>\n\n\n\n<li>Recht auf Widerspruch gegen die Verarbeitung \u2013 Art. 21 DSGVO.<\/li>\n<\/ul>\n\n\n\n<p>(2) Sie haben zudem das Recht, sich bei der f\u00fcr uns zust\u00e4ndigen Datenschutz-Aufsichtsbeh\u00f6rde \u00fcber die Verarbeitung Ihrer personenbezogenen Daten durch uns zu beschweren. Zust\u00e4ndig ist:<\/p>\n\n\n\n<p>Der Landesbeauftragte f\u00fcr den Datenschutz und die Informationsfreiheit Baden-W\u00fcrttemberg Lautenschlagerstra\u00dfe 20, 70173 Stuttgart<\/p>\n\n\n\n<h3 class=\"wp-block-heading\">3. Erhebung personenbezogener Daten bei Besuch unserer Website<\/h3>\n\n\n\n<p>(1) Bei der blo\u00df informatorischen Nutzung der Website, also wenn Sie uns nicht anderweitig Informationen \u00fcbermitteln, erheben wir nur die personenbezogenen Daten, die Ihr Browser an unseren Server \u00fcbermittelt. Wenn Sie unsere Website betrachten m\u00f6chten, erheben wir die folgenden Daten, die f\u00fcr uns technisch erforderlich sind, um Ihnen unsere Website anzuzeigen und die Stabilit\u00e4t und Sicherheit zu gew\u00e4hrleisten (Rechtsgrundlage ist Art. 6 Abs. 1 S. 1 lit. f DSGVO):<\/p>\n\n\n\n<ul class=\"wp-block-list\">\n<li>IP-Adresse, anonymisiert<\/li>\n\n\n\n<li>Datum und Uhrzeit der Anfrage<\/li>\n\n\n\n<li>Aufgerufene URL<\/li>\n\n\n\n<li>Zugriffsstatus\/HTTP-Statuscode<\/li>\n\n\n\n<li>jeweils \u00fcbertragene Datenmenge<\/li>\n\n\n\n<li>Browser<\/li>\n\n\n\n<li>Betriebssystem und dessen Oberfl\u00e4che<\/li>\n\n\n\n<li>Sprache und Version der Browsersoftware.<\/li>\n<\/ul>\n\n\n\n<p>(2) Einsatz von Cookies:<\/p>\n\n\n\n<p>Diese Website setzt ausschlie\u00dflich Cookies ein, die zum Betrieb der Website aus technischen Gr\u00fcnden zwingend notwendig sind.<\/p>\n","protected":false},"excerpt":{"rendered":"<p>Im Folgenden informieren wir \u00fcber die Erhebung personenbezogener Daten bei Nutzung unserer Website. Personenbezogene Daten sind alle Daten, die auf Sie pers\u00f6nlich [&hellip;]<\/p>\n","protected":false},"author":2,"featured_media":0,"parent":0,"menu_order":0,"comment_status":"closed","ping_status":"open","template":"","meta":{"ngg_post_thumbnail":0,"footnotes":""},"class_list":["post-3","page","type-page","status-publish","hentry"],"translation":{"provider":"WPGlobus","version":"3.0.0","language":"ko","enabled_languages":["de","en","ko"],"languages":{"de":{"title":true,"content":true,"excerpt":false},"en":{"title":false,"content":false,"excerpt":false},"ko":{"title":true,"content":false,"excerpt":false}}},"_links":{"self":[{"href":"https:\/\/dkjg.net\/ko\/wp-json\/wp\/v2\/pages\/3","targetHints":{"allow":["GET"]}}],"collection":[{"href":"https:\/\/dkjg.net\/ko\/wp-json\/wp\/v2\/pages"}],"about":[{"href":"https:\/\/dkjg.net\/ko\/wp-json\/wp\/v2\/types\/page"}],"author":[{"embeddable":true,"href":"https:\/\/dkjg.net\/ko\/wp-json\/wp\/v2\/users\/2"}],"replies":[{"embeddable":true,"href":"https:\/\/dkjg.net\/ko\/wp-json\/wp\/v2\/comments?post=3"}],"version-history":[{"count":3,"href":"https:\/\/dkjg.net\/ko\/wp-json\/wp\/v2\/pages\/3\/revisions"}],"predecessor-version":[{"id":192,"href":"https:\/\/dkjg.net\/ko\/wp-json\/wp\/v2\/pages\/3\/revisions\/192"}],"wp:attachment":[{"href":"https:\/\/dkjg.net\/ko\/wp-json\/wp\/v2\/media?parent=3"}],"curies":[{"name":"wp","href":"https:\/\/api.w.org\/{rel}","templated":true}]}}